{"id":162,"date":"2024-01-18T15:42:20","date_gmt":"2024-01-18T14:42:20","guid":{"rendered":"https:\/\/atelier-rosealor.fr\/?page_id=162"},"modified":"2024-01-18T16:54:47","modified_gmt":"2024-01-18T15:54:47","slug":"les-rondels","status":"publish","type":"page","link":"https:\/\/atelier-rosealor.fr\/?page_id=162","title":{"rendered":"Le rondel"},"content":{"rendered":"\n<div id=\"wp-block-themeisle-blocks-slider-a2617c4a\" class=\"wp-block-themeisle-blocks-slider glide\" data-per-view=\"1\" data-gap=\"0\" data-peek=\"0\" data-autoplay=\"6000\" data-height=\"430px\" data-hide-arrows=\"false\"><div class=\"glide__track\" data-glide-el=\"track\"><div class=\"glide__slides\"><div class=\"wp-block-themeisle-blocks-slider-item-wrapper glide__slide\" tabindex=\"0\"><figure><img decoding=\"async\" class=\"wp-block-themeisle-blocks-slider-item\" src=\"https:\/\/atelier-rosealor.fr\/wp-content\/uploads\/2024\/01\/loup_bergerie.jpg\" alt=\"\" title=\"\" data-id=\"200\"\/><figcaption>Loup dans la bergerie &#8211; bestiaire d&rsquo;Aberdeen XIIIe si\u00e8cle<\/figcaption><\/figure><\/div><div class=\"wp-block-themeisle-blocks-slider-item-wrapper glide__slide\" tabindex=\"0\"><figure><img decoding=\"async\" class=\"wp-block-themeisle-blocks-slider-item\" src=\"https:\/\/atelier-rosealor.fr\/wp-content\/uploads\/2024\/01\/315764977_453826630244709_6777484300421953108_n.jpg\" alt=\"\" title=\"\" data-id=\"198\"\/><figcaption>Chouette &#8211;  bestiaire d&rsquo;Aberdeen XIIIe si\u00e8cle<\/figcaption><\/figure><\/div><div class=\"wp-block-themeisle-blocks-slider-item-wrapper glide__slide\" tabindex=\"0\"><figure><img decoding=\"async\" class=\"wp-block-themeisle-blocks-slider-item\" src=\"https:\/\/atelier-rosealor.fr\/wp-content\/uploads\/2024\/01\/314740157_511415747549340_6013139937027470966_n.jpg\" alt=\"\" title=\"\" data-id=\"199\"\/><figcaption>Singe musicien &#8211; livre d&rsquo;heures de Chalon XVe si\u00e8cle<\/figcaption><\/figure><\/div><div class=\"wp-block-themeisle-blocks-slider-item-wrapper glide__slide\" tabindex=\"0\"><figure><img decoding=\"async\" class=\"wp-block-themeisle-blocks-slider-item\" src=\"https:\/\/atelier-rosealor.fr\/wp-content\/uploads\/2024\/01\/IMG_2701-scaled.jpg\" alt=\"\" title=\"\" data-id=\"197\"\/><figcaption>Dragon &#8211; Bestiaire d&rsquo;Aberdeen XIIIe si\u00e8cle<\/figcaption><\/figure><\/div><\/div><div class=\"glide__bullets\" data-glide-el=\"controls[nav]\"><button class=\"glide__bullet\" data-glide-dir=\"=0\"><\/button><button class=\"glide__bullet\" data-glide-dir=\"=1\"><\/button><button class=\"glide__bullet\" data-glide-dir=\"=2\"><\/button><button class=\"glide__bullet\" data-glide-dir=\"=3\"><\/button><\/div><\/div><\/div>\n\n\n\n<pre class=\"wp-block-verse\">Cette pi\u00e8ce de verre, peinte, puis cuite au four verrier, \u00e9tait parfois appel\u00e9e \"griset\" puisque le plus souvent r\u00e9alis\u00e9e \u00e0 la grisaille et r\u00e9hauss\u00e9e de jaune d'argent. Elle \u00e9tait le plus souvent circulaire, ovale et parfois carr\u00e9e.\n\nOn retrouve le rondel en grande partie de la fin du Moyen-\u00c2ge jusqu'\u00e0 la Renaissance, au centre d'une vitrerie (vitrail simple, reproduisant des motifs r\u00e9p\u00e9t\u00e9s, souvent g\u00e9om\u00e9triques). Il pouvait \u00eatre offert autrefois, pour orner une fen\u00eatre, un imposte ou une porte d'entr\u00e9e. Pour l'installation d'un jeune m\u00e9nage, par exemple, ou encore comme ornement de b\u00e2timents publics.\n\nDe dimension modeste (environ 20cm), il restait une option abordable pour qui voulait s'offrir un vitrail peint.\n\nLa tradition s'est progressivement perdue, mais aujourd'hui on trouve \u00e0 nouveau cette tendance, elle refait surface chez bon nombre de vitraillistes en Europe, et notamment au Royaume-Uni o\u00f9 il est appel\u00e9 <em>roundel<\/em> (<em><a href=\"https:\/\/fr.wikipedia.org\/wiki\/Fichier:Medieval_stained_glass_roundel,_Newcastle_cathedral.jpg\" target=\"_blank\" rel=\"noopener\" title=\"exemple\">exemple<\/a><\/em>).\n\nJ'estime int\u00e9ressant de perp\u00e9tuer cette belle histoire, et de contribuer \u00e0 la moderniser et \u00e0 la p\u00e9renniser pour lui donner un second souffle.\n\nN'h\u00e9sitez pas \u00e0 y songer pour t\u00e9moigner votre amiti\u00e9, votre affection ou votre amour !\n\nC'est une trace qui traverse le temps, pour peu qu'on en prenne soin, comme les liens qui nous animent.<\/pre>\n\n\n\n<p class=\"has-text-align-right\"><em>Renaud Gasnier<\/em><br><\/p>\n\n\n\n<h2 class=\"wp-block-heading\">Quelques liens&#8230; au hasard.<\/h2>\n\n\n\n<ul class=\"wp-block-list\">\n<li><a href=\"https:\/\/www.musee-moyenage.fr\/collection\/oeuvre\/rondel-au-monogramme-lg.html\" target=\"_blank\" rel=\"noreferrer noopener\">Mus\u00e9e de Cluny<\/a><\/li>\n\n\n\n<li><a href=\"https:\/\/www.alienor.org\/collections\/oeuvre\/128394-vitrail-rondel-panneau\" target=\"_blank\" rel=\"noreferrer noopener\">Ali\u00e9nor, Conseil des Mus\u00e9es<\/a><\/li>\n\n\n\n<li><a href=\"https:\/\/ow-mba.angers.fr\/fr\/notice\/2003-1-911-rondel-jaune-d-argent-et-grisaille-e20d4b3a-e025-444b-806c-263f5061feb3\" target=\"_blank\" rel=\"noreferrer noopener\">Mus\u00e9e d&rsquo;Anger<\/a><\/li>\n\n\n\n<li><a href=\"https:\/\/collections.louvre.fr\/ark:\/53355\/cl010097788\" target=\"_blank\" rel=\"noreferrer noopener\">Collection Louvre<\/a><\/li>\n\n\n\n<li><a href=\"https:\/\/www.hmb.ch\/fr\/musees\/objets-de-la-collection\/vue-simple\/s\/la-charite-de-la-chapelle-saint-nicolas-de-leglise-saint-pierre\/\" target=\"_blank\" rel=\"noreferrer noopener\">Mus\u00e9e historique de B\u00e2le<\/a><\/li>\n<\/ul>\n","protected":false},"excerpt":{"rendered":"<p>Cette pi\u00e8ce de verre, peinte, puis cuite au four verrier, \u00e9tait parfois appel\u00e9e \u00ab\u00a0griset\u00a0\u00bb puisque le plus souvent r\u00e9alis\u00e9e \u00e0 la grisaille et r\u00e9hauss\u00e9e de jaune d&rsquo;argent. Elle \u00e9tait le plus souvent circulaire, ovale et parfois carr\u00e9e. On retrouve le rondel en grande partie de la fin du Moyen-\u00c2ge jusqu&rsquo;\u00e0 la Renaissance, au centre d&rsquo;une [&hellip;]<\/p>\n","protected":false},"author":1,"featured_media":0,"parent":0,"menu_order":0,"comment_status":"closed","ping_status":"closed","template":"","meta":{"om_disable_all_campaigns":false,"_monsterinsights_skip_tracking":false,"_monsterinsights_sitenote_active":false,"_monsterinsights_sitenote_note":"","_monsterinsights_sitenote_category":0,"_uf_show_specific_survey":0,"_uf_disable_surveys":false,"_themeisle_gutenberg_block_has_review":false,"footnotes":""},"class_list":["post-162","page","type-page","status-publish","hentry"],"aioseo_notices":[],"_links":{"self":[{"href":"https:\/\/atelier-rosealor.fr\/index.php?rest_route=\/wp\/v2\/pages\/162","targetHints":{"allow":["GET"]}}],"collection":[{"href":"https:\/\/atelier-rosealor.fr\/index.php?rest_route=\/wp\/v2\/pages"}],"about":[{"href":"https:\/\/atelier-rosealor.fr\/index.php?rest_route=\/wp\/v2\/types\/page"}],"author":[{"embeddable":true,"href":"https:\/\/atelier-rosealor.fr\/index.php?rest_route=\/wp\/v2\/users\/1"}],"replies":[{"embeddable":true,"href":"https:\/\/atelier-rosealor.fr\/index.php?rest_route=%2Fwp%2Fv2%2Fcomments&post=162"}],"version-history":[{"count":19,"href":"https:\/\/atelier-rosealor.fr\/index.php?rest_route=\/wp\/v2\/pages\/162\/revisions"}],"predecessor-version":[{"id":210,"href":"https:\/\/atelier-rosealor.fr\/index.php?rest_route=\/wp\/v2\/pages\/162\/revisions\/210"}],"wp:attachment":[{"href":"https:\/\/atelier-rosealor.fr\/index.php?rest_route=%2Fwp%2Fv2%2Fmedia&parent=162"}],"curies":[{"name":"wp","href":"https:\/\/api.w.org\/{rel}","templated":true}]}}